{"id":345,"date":"2022-04-24T20:30:47","date_gmt":"2022-04-24T20:30:47","guid":{"rendered":"https:\/\/ninaclarissafrenzel.de\/?page_id=345"},"modified":"2025-04-09T15:10:32","modified_gmt":"2025-04-09T15:10:32","slug":"kompositionen","status":"publish","type":"page","link":"https:\/\/ninaclarissafrenzel.de\/index.php\/kompositionen\/","title":{"rendered":"Kompositionen"},"content":{"rendered":"\n<p class=\"has-text-align-center\" style=\"font-size:18px\"><br>Das sch\u00f6pferische Tun als Cellistin, Dichterin, Komponistin und Malerin erf\u00fcllt mich sehr stark. <br>Es treibt mich voran, die verschiedenen Bereiche der Kunst miteinander <br>zu verbinden und in ihrer Schnittfl\u00e4che ihr und mein Wesen zu erkennen\u2026<\/p>\n\n\n\n<h3 class=\"wp-block-heading has-text-align-center\"><br><br><em><strong>Einzelwerke (Auszug)<\/strong><\/em><br><br><br><\/h3>\n\n\n\n<h4 class=\"wp-block-heading has-text-align-center\"><br><strong>&#8222;Der Seilt\u00e4nzer&#8220;, Komposition f\u00fcr Solocello &amp; Gesang<\/strong><\/h4>\n\n\n\n<p class=\"has-text-align-center\" style=\"font-size:18px\">Das Gedicht &#8222;Der Seilt\u00e4nzer&#8220; ist als Vertonung auf Youtube zu h\u00f6ren: <br><a href=\"https:\/\/youtu.be\/1hxftE4N40Q\">https:\/\/youtu.be\/1hxftE4N40Q<\/a><\/p>\n\n\n\n<p class=\"has-text-align-center\"><\/p>\n\n\n<div class=\"wp-block-image\">\n<figure class=\"aligncenter size-large is-resized\"><img loading=\"lazy\" decoding=\"async\" width=\"724\" height=\"1024\" src=\"https:\/\/ninaclarissafrenzel.de\/wp-content\/uploads\/2025\/01\/Frenzel.NinaClarissa.420x297mm-724x1024.jpg\" alt=\"\" class=\"wp-image-1125\" style=\"width:384px;height:auto\" srcset=\"https:\/\/ninaclarissafrenzel.de\/wp-content\/uploads\/2025\/01\/Frenzel.NinaClarissa.420x297mm-724x1024.jpg 724w, https:\/\/ninaclarissafrenzel.de\/wp-content\/uploads\/2025\/01\/Frenzel.NinaClarissa.420x297mm-212x300.jpg 212w, https:\/\/ninaclarissafrenzel.de\/wp-content\/uploads\/2025\/01\/Frenzel.NinaClarissa.420x297mm-768x1087.jpg 768w, https:\/\/ninaclarissafrenzel.de\/wp-content\/uploads\/2025\/01\/Frenzel.NinaClarissa.420x297mm.jpg 841w\" sizes=\"auto, (max-width: 724px) 100vw, 724px\" \/><\/figure>\n<\/div>\n\n\n<p class=\"has-text-align-center\"><\/p>\n\n\n\n<p><br><br><\/p>\n\n\n\n<h4 class=\"wp-block-heading has-text-align-center\"><strong>&#8222;Der Feuervogel Ph\u00f6nix&#8220;, Komposition f\u00fcr Violoncello &amp; Gesang<\/strong><\/h4>\n\n\n\n<p class=\"has-text-align-center\" style=\"font-size:18px\">Das Gedicht &#8222;Der Feuervogel Ph\u00f6nix&#8220; ist als Komposition auf Youtube zu h\u00f6ren:<br><a href=\"https:\/\/www.youtube.com\/watch?v=kuekcARdJCo\">https:\/\/www.youtube.com\/watch?v=kuekcARdJCo<\/a><br><br><\/p>\n\n\n<div class=\"wp-block-image\">\n<figure class=\"aligncenter is-resized\"><img loading=\"lazy\" decoding=\"async\" width=\"1024\" height=\"724\" src=\"https:\/\/ninaclarissafrenzel.de\/wp-content\/uploads\/2024\/06\/image.png\" alt=\"\" class=\"wp-image-1044\" style=\"width:727px;height:auto\" srcset=\"https:\/\/ninaclarissafrenzel.de\/wp-content\/uploads\/2024\/06\/image.png 1024w, https:\/\/ninaclarissafrenzel.de\/wp-content\/uploads\/2024\/06\/image-300x212.png 300w, https:\/\/ninaclarissafrenzel.de\/wp-content\/uploads\/2024\/06\/image-768x543.png 768w\" sizes=\"auto, (max-width: 1024px) 100vw, 1024px\" \/><\/figure>\n<\/div>\n\n\n<p class=\"has-text-align-center\"><br><\/p>\n\n\n\n<h3 class=\"wp-block-heading has-text-align-center\"><br><br><br><br><em><strong>Alben<\/strong><\/em><br><br><\/h3>\n\n\n\n<h4 class=\"wp-block-heading has-text-align-center\"><br><br><strong>&#8222;Personare&#8220;<\/strong><\/h4>\n\n\n\n<p class=\"has-text-align-center\" style=\"font-size:18px\">Mein zweites Album ist jetzt als Doppel-CD auf <a href=\"https:\/\/ninaclarissafrenzel.de\/index.php\/kontakt\/\" data-type=\"page\" data-id=\"23\">Anfrage<\/a> erh\u00e4ltlich.<br> Es sind insgesamt 9 Kompositionen f\u00fcr Cello &amp; Gesang u.a. Instrumenten, verteilt auf zwei CD\u00b4s, <br>die \u00fcber das &#8222;Personwerden&#8220;, den Auftrag des Menschen erz\u00e4hlen: <br>sein in ihm anwesendes, innewohnendes Wesen durch sich &#8222;hindurcht\u00f6nen&#8220; zu lassen. <br>Person, von &#8222;Personare&#8220;, bedeutet: hindurcht\u00f6nen.<\/p>\n\n\n\n<div class=\"wp-block-media-text is-stacked-on-mobile is-vertically-aligned-center\"><figure class=\"wp-block-media-text__media\"><img loading=\"lazy\" decoding=\"async\" width=\"723\" height=\"1024\" src=\"https:\/\/ninaclarissafrenzel.de\/wp-content\/uploads\/2025\/02\/image.png\" alt=\"\" class=\"wp-image-1151 size-full\" srcset=\"https:\/\/ninaclarissafrenzel.de\/wp-content\/uploads\/2025\/02\/image.png 723w, https:\/\/ninaclarissafrenzel.de\/wp-content\/uploads\/2025\/02\/image-212x300.png 212w\" sizes=\"auto, (max-width: 723px) 100vw, 723px\" \/><\/figure><div class=\"wp-block-media-text__content\">\n<p><strong>Titel<\/strong><br><br>CD 1<br>1 <a href=\"https:\/\/www.youtube.com\/watch?v=Ix5UYP8Dpmc\">Apfelbl\u00fcte<\/a><br>2 <a href=\"https:\/\/www.youtube.com\/watch?v=PZg53rQDq5A\">Wanderung<\/a><br>3 <a href=\"https:\/\/www.youtube.com\/watch?v=d3kZV1ZwB4E\">Sommerkind<\/a><br>4 <a href=\"https:\/\/www.youtube.com\/watch?v=Y9pXEMWHr7g\">Ein See<\/a><br>5 Ahngeblick<br><br>CD 2<br>1 <a href=\"https:\/\/www.youtube.com\/watch?v=1hxftE4N40Q\">Der Seilt\u00e4nzer<\/a><br>2 Schwarze Erde<br>3 <a href=\"https:\/\/www.youtube.com\/watch?v=kuekcARdJCo\">Der Feuervogel Ph\u00f6nix<\/a><br>4 <a href=\"https:\/\/www.youtube.com\/watch?v=domjVlX4buE\">Weihe Nacht<\/a><br><\/p>\n<\/div><\/div>\n\n\n\n<p class=\"has-text-align-center\"><br><br><br><br><\/p>\n\n\n\n<h4 class=\"wp-block-heading has-text-align-center\"><strong>MINIATUREN f\u00fcr Solocello &amp; Stimme<\/strong><\/h4>\n\n\n\n<p class=\"has-text-align-center\" style=\"font-size:18px\">14 Solost\u00fccke, die teilweise mit <strong>Bildern und Gedichten<\/strong> verkn\u00fcpft sind. <br>Erh\u00e4ltlich als CD mit Booklet per <a href=\"https:\/\/ninaclarissafrenzel.de\/index.php\/kontakt\/?customize_changeset_uuid=919af49e-e226-4126-92be-29f4716b130a&amp;customize_messenger_channel=preview-1\" target=\"_blank\" rel=\"noreferrer noopener\">Mail<\/a> oder \u00fcber Streamingdienste <br>wie <a href=\"https:\/\/www.amazon.de\/Miniaturen-Cello-Stimme-Clarissa-Frenzel\/dp\/B08BVX6TZS\/\" target=\"_blank\" rel=\"noreferrer noopener\">Amazon<\/a>, <a href=\"https:\/\/music.apple.com\/de\/album\/miniaturen-f%C3%BCr-cello-stimme\/1520748224\" target=\"_blank\" rel=\"noreferrer noopener\">Apple Music<\/a>, <a href=\"https:\/\/open.spotify.com\/album\/3qZB38LUlgk2DggBfFPfev?si=voeHHv-tTbCbaVE0zncfHg\" target=\"_blank\" rel=\"noreferrer noopener\">Spotify<\/a> und <a href=\"https:\/\/www.youtube.com\/results?search_query=nina+clarissa+frenzel+miniaturen+\" target=\"_blank\" rel=\"noreferrer noopener\">Youtube<\/a>.<br><br><\/p>\n\n\n\n<div class=\"wp-block-columns are-vertically-aligned-center is-layout-flex wp-container-core-columns-is-layout-9d6595d7 wp-block-columns-is-layout-flex\">\n<div class=\"wp-block-column is-vertically-aligned-center is-layout-flow wp-block-column-is-layout-flow\" style=\"flex-basis:100%\">\n<div class=\"wp-block-group\"><div class=\"wp-block-group__inner-container is-layout-flow wp-block-group-is-layout-flow\">\n<div class=\"wp-block-group\"><div class=\"wp-block-group__inner-container is-layout-flow wp-block-group-is-layout-flow\">\n<div class=\"wp-block-columns is-layout-flex wp-container-core-columns-is-layout-9d6595d7 wp-block-columns-is-layout-flex\">\n<div class=\"wp-block-column is-layout-flow wp-block-column-is-layout-flow\" style=\"flex-basis:100%\">\n<div class=\"wp-block-media-text alignwide is-stacked-on-mobile\"><figure class=\"wp-block-media-text__media\"><img loading=\"lazy\" decoding=\"async\" width=\"506\" height=\"480\" src=\"https:\/\/ninaclarissafrenzel.de\/wp-content\/uploads\/2020\/06\/MiniaturenCover.jpeg\" alt=\"\" class=\"wp-image-161 size-full\" srcset=\"https:\/\/ninaclarissafrenzel.de\/wp-content\/uploads\/2020\/06\/MiniaturenCover.jpeg 506w, https:\/\/ninaclarissafrenzel.de\/wp-content\/uploads\/2020\/06\/MiniaturenCover-300x285.jpeg 300w\" sizes=\"auto, (max-width: 506px) 100vw, 506px\" \/><\/figure><div class=\"wp-block-media-text__content\">\n<p>Titel<br><br><a rel=\"noreferrer noopener\" href=\"https:\/\/youtu.be\/Hvi4PJt_sbk\" target=\"_blank\">Das Wolkenschloss oder Es tr\u00e4umt Einer<\/a><br>Zweifel<br>Beschreibung einer inneren Landschaft<br>unersch\u00f6pflich sein<br>Wiegenlied<br>Ballade \u00fcber das Unges\u00e4ttigtsein<br>Von den beiden Seiten<br>zu-f\u00e4llige Begegnung<br>Zwiegespr\u00e4ch<br><a rel=\"noreferrer noopener\" href=\"https:\/\/youtu.be\/G8FIw5QR2qQ\" target=\"_blank\">Sachensucherfund<\/a><br>\u00dcber den Tod eines Grash\u00fcpfers<br>Meditation<br><a rel=\"noreferrer noopener\" href=\"https:\/\/youtu.be\/rw_YP-7x_bs\" target=\"_blank\">Abendlied<\/a><\/p>\n<\/div><\/div>\n<\/div>\n<\/div>\n<\/div><\/div>\n<\/div><\/div>\n<\/div>\n<\/div>\n\n\n\n<h3 class=\"wp-block-heading has-text-align-center\"><br><br><br><br><strong><em>Zyklen<\/em><\/strong><br><br><br><br><br><\/h3>\n\n\n\n<h4 class=\"wp-block-heading has-text-align-center\"><strong>&#8222;Der S\u00e4mann. Ein Leben&#8220;<\/strong><\/h4>\n\n\n\n<p class=\"has-text-align-center\" style=\"font-size:18px\">F\u00fcr Cello, Stimme, Klangspiel &amp; Monochord, samt Gedicht und Malereien<\/p>\n\n\n<div class=\"wp-block-image\">\n<figure class=\"aligncenter is-resized\"><img loading=\"lazy\" decoding=\"async\" width=\"1024\" height=\"730\" src=\"https:\/\/ninaclarissafrenzel.de\/wp-content\/uploads\/2025\/02\/Postkarte_Frenzel-1024x730.jpg\" alt=\"\" class=\"wp-image-1166\" style=\"width:720px;height:auto\" srcset=\"https:\/\/ninaclarissafrenzel.de\/wp-content\/uploads\/2025\/02\/Postkarte_Frenzel-1024x730.jpg 1024w, https:\/\/ninaclarissafrenzel.de\/wp-content\/uploads\/2025\/02\/Postkarte_Frenzel-300x214.jpg 300w, https:\/\/ninaclarissafrenzel.de\/wp-content\/uploads\/2025\/02\/Postkarte_Frenzel-768x548.jpg 768w, https:\/\/ninaclarissafrenzel.de\/wp-content\/uploads\/2025\/02\/Postkarte_Frenzel-1536x1095.jpg 1536w, https:\/\/ninaclarissafrenzel.de\/wp-content\/uploads\/2025\/02\/Postkarte_Frenzel-1140x813.jpg 1140w, https:\/\/ninaclarissafrenzel.de\/wp-content\/uploads\/2025\/02\/Postkarte_Frenzel.jpg 1771w\" sizes=\"auto, (max-width: 1024px) 100vw, 1024px\" \/><\/figure>\n<\/div>\n\n\n<p class=\"has-text-align-center\" style=\"font-size:18px\"><br>Irgendwo in seinen innersten, unbeschreibbaren R\u00e4umen, tr\u00e4gt jeder Mensch ein Urbild seiner selbst in sich, seiner eigenen Vollkommenheit. Es ist wie ein Samenkorn, in welchem schon der Duft, die Farbe und Form seiner Bl\u00fcte vollendet innewohnt. Seine Bestimmung ist es, sich diesem Weg der Vollendung anheim zu geben, um letztlich aus der bl\u00fctengeborenen Frucht wieder Quelle f\u00fcr neuen Samen zu werden. Seine Vollkommenheit entsteht also aus der st\u00e4ndigen Hingabe an diese Verwandlung. <br>Der S\u00e4mann. Ein Leben. Es ist ein Hindurcht\u00f6nen, ein Leben, das sich \u201eumsonst\u201c verstr\u00f6men und verschenken m\u00f6chte. Wie die Bl\u00fcte ihren Duft, den sie nicht selbst erschaffen hat, sondern die erf\u00fcllt, was ihr verhei\u00dfungsvoll innewohnt\u2026.&nbsp;<\/p>\n\n\n\n<h4 class=\"wp-block-heading has-text-align-center\"><br><br><br><br><br>&#8222;<strong>Liebender&#8220;<\/strong><\/h4>\n\n\n\n<p class=\"has-text-align-center\" style=\"font-size:18px\"> f\u00fcr Solocello, Stimme &amp; Klangspiel<\/p>\n\n\n\n<p class=\"has-text-align-center\" style=\"font-size:18px\">Die dreiteilige Dichtung, samt ihren zugeh\u00f6rigen Zeichnungen, ist jetzt als Einspielung auf YouTube zu h\u00f6ren.<\/p>\n\n\n\n<figure class=\"wp-block-embed is-type-video is-provider-youtube wp-block-embed-youtube wp-embed-aspect-16-9 wp-has-aspect-ratio\"><div class=\"wp-block-embed__wrapper\">\n<iframe loading=\"lazy\" title=\"&quot;Liebender&quot;; Nina Clarissa Frenzel; Cello, Stimme &amp; Klangspiel; Komposition, Zeichnungen &amp; Wort\" width=\"960\" height=\"540\" src=\"https:\/\/www.youtube.com\/embed\/Cloe3epz-n0?feature=oembed\" frameborder=\"0\" allow=\"accelerometer; autoplay; clipboard-write; encrypted-media; gyroscope; picture-in-picture; web-share\" referrerpolicy=\"strict-origin-when-cross-origin\" allowfullscreen><\/iframe>\n<\/div><\/figure>\n\n\n\n<p class=\"has-text-align-center\"><br>Dazu gibt es auch eine Kurzform mit Ausschnitten aus dem Gesamtwerk: <a href=\"https:\/\/www.youtube.com\/watch?v=4krw79c7KLA\" data-type=\"URL\" data-id=\"https:\/\/www.youtube.com\/watch?v=4krw79c7KLA\" target=\"_blank\" rel=\"noreferrer noopener\">https:\/\/www.youtube.com\/watch?v=4krw79c7KLA<\/a><\/p>\n\n\n\n<h4 class=\"wp-block-heading has-text-align-center\"><br><br><br><br><br><strong>\u201eVom Urspr\u00fcnglichen\u201c<\/strong><br><br><\/h4>\n\n\n\n<div class=\"wp-block-media-text alignwide is-stacked-on-mobile\"><figure class=\"wp-block-media-text__media\"><img loading=\"lazy\" decoding=\"async\" width=\"480\" height=\"480\" src=\"https:\/\/ninaclarissafrenzel.de\/wp-content\/uploads\/2022\/04\/Cover1.jpg\" alt=\"\" class=\"wp-image-395 size-full\" srcset=\"https:\/\/ninaclarissafrenzel.de\/wp-content\/uploads\/2022\/04\/Cover1.jpg 480w, https:\/\/ninaclarissafrenzel.de\/wp-content\/uploads\/2022\/04\/Cover1-300x300.jpg 300w, https:\/\/ninaclarissafrenzel.de\/wp-content\/uploads\/2022\/04\/Cover1-150x150.jpg 150w, https:\/\/ninaclarissafrenzel.de\/wp-content\/uploads\/2022\/04\/Cover1-100x100.jpg 100w\" sizes=\"auto, (max-width: 480px) 100vw, 480px\" \/><\/figure><div class=\"wp-block-media-text__content\">\n<p style=\"font-size:15px\"><br><br><strong>5teiliger Zyklus in Wort, Bild und Ton<\/strong><br><strong>I Erschaffung, II Geburt, III Spross, IV Reife, V Ernte<\/strong><br><br><a href=\"https:\/\/youtu.be\/CJdmaUOvrwg\" target=\"_blank\" rel=\"noreferrer noopener\">Live-Aufnahme im Lucky-Panda Studio W\u00fcrzburg<\/a><br><br><a href=\"https:\/\/youtu.be\/OGBtJO9LK68\" target=\"_blank\" rel=\"noreferrer noopener\">&#8222;Bilderbuchvideo&#8220;<\/a><br><br>Auch zu h\u00f6ren auf <a href=\"https:\/\/www.amazon.de\/dp\/B0874XJ492\/\" target=\"_blank\" rel=\"noreferrer noopener\">Amazon<\/a>, <a href=\"https:\/\/music.apple.com\/de\/album\/vom-urspr\u00fcnglichen-single\/1508108875\" target=\"_blank\" rel=\"noreferrer noopener\">iTunes<\/a> und <a href=\"https:\/\/open.spotify.com\/embed\/album\/1sGqZyvAD61K26sVG8tE9e\" target=\"_blank\" rel=\"noreferrer noopener\">Spotify<\/a><\/p>\n<\/div><\/div>\n\n\n\n<p class=\"has-text-align-center\" style=\"font-size:18px\"><br>Was und wo ist der Ursprung des Menschen? Welche Kraft treibt ihn voran und l\u00e4sst ihn jeden Tag wieder neu rastlos t\u00e4tig sein? <br>Was erz\u00e4hlt uns die Zeit? Und haben wir in unseren selbst-gestrickten Alltagsnetzen noch empf\u00e4ngliche Ohren, noch unbeschriebene Zeit ihr zuzuh\u00f6ren? Ein Aufruf nicht mit dem Fragen aufzuh\u00f6ren, denn dann gibt es auch kein Antworten mehr <br>\u2013 Antworten aus dem Unsichtbaren, Unh\u00f6rbaren, Unfassbaren&#8230;<\/p>\n\n\n\n<h5 class=\"wp-block-heading has-text-align-center\"><br><br><\/h5>\n\n\n\n<p class=\"has-text-align-center\"><\/p>\n\n\n\n<p><\/p>\n\n\n\n<h3 class=\"wp-block-heading has-text-align-center\"><br><br><\/h3>\n\n\n\n<p class=\"has-text-align-center\"><\/p>\n\n\n\n<p class=\"has-text-align-center\"><\/p>\n\n\n\n<p><\/p>\n\n\n\n<p><\/p>\n","protected":false},"excerpt":{"rendered":"<p>Das sch\u00f6pferische Tun als Cellistin, Dichterin, Komponistin und Malerin erf\u00fcllt mich sehr stark. Es treibt mich voran, die verschiedenen Bereiche der Kunst miteinander zu verbinden und in ihrer Schnittfl\u00e4che ihr und mein Wesen zu erkennen\u2026 Einzelwerke (Auszug) &#8222;Der Seilt\u00e4nzer&#8220;, Komposition f\u00fcr Solocello &amp; Gesang Das Gedicht &#8222;Der Seilt\u00e4nzer&#8220; ist als Vertonung auf Youtube zu h\u00f6ren: https:\/\/youtu.be\/1hxftE4N40Q &#8222;Der Feuervogel Ph\u00f6nix&#8220;, Komposition f\u00fcr Violoncello &amp; Gesang Das Gedicht &#8222;Der Feuervogel Ph\u00f6nix&#8220; ist als Komposition auf Youtube zu h\u00f6ren:https:\/\/www.youtube.com\/watch?v=kuekcARdJCo Alben &#8222;Personare&#8220; Mein zweites Album ist jetzt als Doppel-CD auf Anfrage erh\u00e4ltlich. Es sind insgesamt 9 Kompositionen f\u00fcr Cello &amp; Gesang u.a. Instrumenten, verteilt auf zwei CD\u00b4s, die \u00fcber das &#8222;Personwerden&#8220;, den Auftrag des Menschen erz\u00e4hlen: sein in ihm anwesendes, innewohnendes Wesen durch sich &#8222;hindurcht\u00f6nen&#8220; zu lassen. Person, von &#8222;Personare&#8220;, bedeutet: hindurcht\u00f6nen. Titel CD 11 Apfelbl\u00fcte2 Wanderung3 Sommerkind4 Ein See5 Ahngeblick CD 21 Der Seilt\u00e4nzer2 Schwarze Erde3 Der Feuervogel Ph\u00f6nix4 Weihe Nacht MINIATUREN f\u00fcr Solocello &amp; Stimme 14 Solost\u00fccke, die teilweise mit Bildern und Gedichten verkn\u00fcpft sind. Erh\u00e4ltlich als CD mit Booklet per Mail oder \u00fcber Streamingdienste wie Amazon, Apple Music, Spotify und Youtube. Titel Das Wolkenschloss oder Es tr\u00e4umt EinerZweifelBeschreibung einer inneren Landschaftunersch\u00f6pflich seinWiegenliedBallade \u00fcber das Unges\u00e4ttigtseinVon den beiden Seitenzu-f\u00e4llige BegegnungZwiegespr\u00e4chSachensucherfund\u00dcber den Tod eines Grash\u00fcpfersMeditationAbendlied Zyklen &#8222;Der S\u00e4mann. Ein Leben&#8220; F\u00fcr Cello, Stimme, Klangspiel &amp; Monochord, samt Gedicht und Malereien Irgendwo in seinen innersten, unbeschreibbaren R\u00e4umen, tr\u00e4gt jeder Mensch ein Urbild seiner selbst in sich, seiner eigenen Vollkommenheit. Es ist wie ein Samenkorn, in welchem schon der Duft, die Farbe und Form seiner Bl\u00fcte vollendet innewohnt. Seine Bestimmung ist es, sich diesem Weg der Vollendung anheim zu geben, um letztlich aus der bl\u00fctengeborenen Frucht wieder Quelle f\u00fcr neuen Samen zu werden. Seine Vollkommenheit entsteht also aus der st\u00e4ndigen Hingabe an diese Verwandlung. Der S\u00e4mann. Ein Leben. Es ist ein Hindurcht\u00f6nen, ein Leben, das sich \u201eumsonst\u201c verstr\u00f6men und verschenken m\u00f6chte. Wie die Bl\u00fcte ihren Duft, den sie nicht selbst erschaffen hat, sondern die erf\u00fcllt, was ihr verhei\u00dfungsvoll innewohnt\u2026.&nbsp; &#8222;Liebender&#8220; f\u00fcr Solocello, Stimme &amp; Klangspiel Die dreiteilige Dichtung, samt ihren zugeh\u00f6rigen Zeichnungen, ist jetzt als Einspielung auf YouTube zu h\u00f6ren. Dazu gibt es auch eine Kurzform mit Ausschnitten aus dem Gesamtwerk: https:\/\/www.youtube.com\/watch?v=4krw79c7KLA \u201eVom Urspr\u00fcnglichen\u201c 5teiliger Zyklus in Wort, Bild und TonI Erschaffung, II Geburt, III Spross, IV Reife, V Ernte Live-Aufnahme im Lucky-Panda Studio W\u00fcrzburg &#8222;Bilderbuchvideo&#8220; Auch zu h\u00f6ren auf Amazon, iTunes und Spotify Was und wo ist der Ursprung des Menschen? Welche Kraft treibt ihn voran und l\u00e4sst ihn jeden Tag wieder neu rastlos t\u00e4tig sein? Was erz\u00e4hlt uns die Zeit? Und haben wir in unseren selbst-gestrickten Alltagsnetzen noch empf\u00e4ngliche Ohren, noch unbeschriebene Zeit ihr zuzuh\u00f6ren? Ein Aufruf nicht mit dem Fragen aufzuh\u00f6ren, denn dann gibt es auch kein Antworten mehr \u2013 Antworten aus dem Unsichtbaren, Unh\u00f6rbaren, Unfassbaren&#8230;<\/p>\n","protected":false},"author":1,"featured_media":0,"parent":0,"menu_order":0,"comment_status":"closed","ping_status":"closed","template":"","meta":{"_uag_custom_page_level_css":"","footnotes":""},"class_list":["post-345","page","type-page","status-publish","hentry"],"uagb_featured_image_src":{"full":false,"thumbnail":false,"medium":false,"medium_large":false,"large":false,"1536x1536":false,"2048x2048":false,"bard-slider-full-thumbnail":false,"bard-full-thumbnail":false,"bard-grid-thumbnail":false,"bard-list-thumbnail":false,"bard-single-navigation":false},"uagb_author_info":{"display_name":"admin","author_link":"https:\/\/ninaclarissafrenzel.de\/index.php\/author\/ninaclarissafrenzel\/"},"uagb_comment_info":0,"uagb_excerpt":"Das sch\u00f6pferische Tun als Cellistin, Dichterin, Komponistin und Malerin erf\u00fcllt mich sehr stark. Es treibt mich voran, die verschiedenen Bereiche der Kunst miteinander zu verbinden und in ihrer Schnittfl\u00e4che ihr und mein Wesen zu erkennen\u2026 Einzelwerke (Auszug) &#8222;Der Seilt\u00e4nzer&#8220;, Komposition f\u00fcr Solocello &amp; Gesang Das Gedicht &#8222;Der Seilt\u00e4nzer&#8220; ist als Vertonung auf Youtube zu h\u00f6ren:&hellip;","_links":{"self":[{"href":"https:\/\/ninaclarissafrenzel.de\/index.php\/wp-json\/wp\/v2\/pages\/345","targetHints":{"allow":["GET"]}}],"collection":[{"href":"https:\/\/ninaclarissafrenzel.de\/index.php\/wp-json\/wp\/v2\/pages"}],"about":[{"href":"https:\/\/ninaclarissafrenzel.de\/index.php\/wp-json\/wp\/v2\/types\/page"}],"author":[{"embeddable":true,"href":"https:\/\/ninaclarissafrenzel.de\/index.php\/wp-json\/wp\/v2\/users\/1"}],"replies":[{"embeddable":true,"href":"https:\/\/ninaclarissafrenzel.de\/index.php\/wp-json\/wp\/v2\/comments?post=345"}],"version-history":[{"count":167,"href":"https:\/\/ninaclarissafrenzel.de\/index.php\/wp-json\/wp\/v2\/pages\/345\/revisions"}],"predecessor-version":[{"id":1388,"href":"https:\/\/ninaclarissafrenzel.de\/index.php\/wp-json\/wp\/v2\/pages\/345\/revisions\/1388"}],"wp:attachment":[{"href":"https:\/\/ninaclarissafrenzel.de\/index.php\/wp-json\/wp\/v2\/media?parent=345"}],"curies":[{"name":"wp","href":"https:\/\/api.w.org\/{rel}","templated":true}]}}